{"id":5685,"date":"2023-09-26T13:35:43","date_gmt":"2023-09-26T12:35:43","guid":{"rendered":"http:\/\/eyo-eyewear.comnosaltres\/"},"modified":"2025-03-18T18:21:33","modified_gmt":"2025-03-18T17:21:33","slug":"nosaltres","status":"publish","type":"page","link":"https:\/\/eyo-eyewear.com\/ca\/nosaltres\/","title":{"rendered":"Nosaltres"},"content":{"rendered":"\t\t<div data-elementor-type=\"wp-page\" data-elementor-id=\"5685\" class=\"elementor elementor-5685 elementor-3711\" data-elementor-post-type=\"page\">\n\t\t\t\t<div class=\"elementor-element elementor-element-34ad6cb e-flex e-con-boxed e-con e-parent\" data-id=\"34ad6cb\" data-element_type=\"container\" data-e-type=\"container\" data-settings=\"{&quot;background_background&quot;:&quot;classic&quot;}\">\n\t\t\t\t\t<div class=\"e-con-inner\">\n\t\t\t\t\t<\/div>\n\t\t\t\t<\/div>\n\t\t<div class=\"elementor-element elementor-element-56c8e22 e-flex e-con-boxed e-con e-parent\" data-id=\"56c8e22\" data-element_type=\"container\" data-e-type=\"container\">\n\t\t\t\t\t<div class=\"e-con-inner\">\n\t\t\t\t<div class=\"elementor-element elementor-element-d3ba797 elementor-widget elementor-widget-heading\" data-id=\"d3ba797\" data-element_type=\"widget\" data-e-type=\"widget\" data-widget_type=\"heading.default\">\n\t\t\t\t<div class=\"elementor-widget-container\">\n\t\t\t\t\t<h1 class=\"elementor-heading-title elementor-size-default\">Qui hi ha darrere d'EYO Eyewear?<\/h1>\t\t\t\t<\/div>\n\t\t\t\t<\/div>\n\t\t\t\t<div class=\"elementor-element elementor-element-8e9aa75 elementor-widget elementor-widget-text-editor\" data-id=\"8e9aa75\" data-element_type=\"widget\" data-e-type=\"widget\" data-widget_type=\"text-editor.default\">\n\t\t\t\t<div class=\"elementor-widget-container\">\n\t\t\t\t\t\t\t\t\t<p>EYO Eyewear neix de la il\u00b7lusi\u00f3 de la fam\u00edlia Nebot per crear una marca de qualitat i alternativa, que no segueixi les tend\u00e8ncies passatgeres de la moda i que tingui el valor afegit dels processos de producci\u00f3 a petita escala. \u00c9s una marca d&#8217;ulleres de disseny que advoca per una fabricaci\u00f3 respectuosa amb les persones i el medi ambient. <\/p>\n<\/p>\n<p>Darrere d&#8217;EYO hi ha Josep Ramon, J\u00falia i B\u00e0rbara, pare i filles. Nascuts i arrelats a Reus, terra de modernisme, vermut i moda. Tota hist\u00f2ria t\u00e9 el seu comen\u00e7ament i aquesta va comen\u00e7ar amb Josep Ramon, \u00f2ptic optometrista de professi\u00f3 amb tota una vida en el sector\u2026 i inquiet des del seu naixement! <\/p>\n<\/p>\n<p>Si poses ganes, coneixement i passi\u00f3 pel m\u00f3n de les ulleres en un recipient a foc lent i afegeixes l&#8217;ambici\u00f3 de dues filles enamorades de la moda de les ulleres de disseny\u2026 obtens la recepta d&#8217;EYO.<\/p>\n\t\t\t\t\t\t\t\t<\/div>\n\t\t\t\t<\/div>\n\t\t\t\t<div class=\"elementor-element elementor-element-424eab2 elementor-widget elementor-widget-heading\" data-id=\"424eab2\" data-element_type=\"widget\" data-e-type=\"widget\" data-widget_type=\"heading.default\">\n\t\t\t\t<div class=\"elementor-widget-container\">\n\t\t\t\t\t<h2 class=\"elementor-heading-title elementor-size-default\">UNA MARCA D'ULLERES AMB ESTIL PROPI I QUALITAT, PRODUCCI\u00d3 LIMITADA I ECORRESPONSABLE.<\/h2>\t\t\t\t<\/div>\n\t\t\t\t<\/div>\n\t\t\t\t\t<\/div>\n\t\t\t\t<\/div>\n\t\t<div class=\"elementor-element elementor-element-d2a5371 e-flex e-con-boxed e-con e-parent\" data-id=\"d2a5371\" data-element_type=\"container\" data-e-type=\"container\">\n\t\t\t\t\t<div class=\"e-con-inner\">\n\t\t\t\t<div class=\"elementor-element elementor-element-a351a97 elementor-widget elementor-widget-heading\" data-id=\"a351a97\" data-element_type=\"widget\" data-e-type=\"widget\" data-widget_type=\"heading.default\">\n\t\t\t\t<div class=\"elementor-widget-container\">\n\t\t\t\t\t<h1 class=\"elementor-heading-title elementor-size-default\">COM VA COMEN\u00c7AR EYO?<\/h1>\t\t\t\t<\/div>\n\t\t\t\t<\/div>\n\t\t\t\t<div class=\"elementor-element elementor-element-f9a0d11 elementor-widget elementor-widget-text-editor\" data-id=\"f9a0d11\" data-element_type=\"widget\" data-e-type=\"widget\" data-widget_type=\"text-editor.default\">\n\t\t\t\t<div class=\"elementor-widget-container\">\n\t\t\t\t\t\t\t\t\t<p>S\u00f3n molts els anys que la fam\u00edlia Nebot s&#8217;ha relacionat amb el m\u00f3n de les ulleres, ajudant a que els usuaris vegin millor, se sentin c\u00f2modes i gaudeixin i en parlin d&#8217;elles. Tot aquest temps ha fet possible descobrir la seva fabricaci\u00f3, com s\u00f3n d&#8217;importants els seus materials i <b>la cura en el disseny<\/b>.<\/p><p>\u00a0<\/p><p>Despr\u00e9s de molt de temps en la professi\u00f3 en les \u00f2ptiques La Creu Blanca, la fam\u00edlia \u201cva llen\u00e7ar-se a la piscina\u201d i <b>va crear la seva pr\u00f2pia marca d&#8217;ulleres<\/b>. Van comen\u00e7ar a reeditar ulleres vintage, jugant amb els seus colors i acabats. Aquestes primeres col\u00b7leccions d&#8217;ulleres graduades i de sol es van vendre de manera exclusiva <i>in situ<\/i> en \u00f2ptiques.<\/p><p>\u00a0<\/p><p>En el des\u00e8 aniversari de la marca i amb la incorporaci\u00f3 de les filles Nebot a l&#8217;empresa familiar, <b>EYO es reinventa!<\/b><\/p><p>\u00a0<\/p><p>La marca \u00e9s avui dia un nou concepte d&#8217;ulleres de disseny, amb un estil \u00fanic i personal que fuig de les tend\u00e8ncies temporals de les ulleres de moda de dona. Unes ulleres que donen personalitat i empoderen la figura de la dona.<\/p>\t\t\t\t\t\t\t\t<\/div>\n\t\t\t\t<\/div>\n\t\t\t\t\t<\/div>\n\t\t\t\t<\/div>\n\t\t<div class=\"elementor-element elementor-element-db6f226 e-con-full e-flex e-con e-parent\" data-id=\"db6f226\" data-element_type=\"container\" data-e-type=\"container\" id=\"exclusivo\" data-settings=\"{&quot;background_background&quot;:&quot;classic&quot;}\">\n\t\t<div class=\"elementor-element elementor-element-5cdd84b e-con-full e-flex e-con e-child\" data-id=\"5cdd84b\" data-element_type=\"container\" data-e-type=\"container\" data-settings=\"{&quot;background_background&quot;:&quot;classic&quot;}\">\n\t\t\t\t<div class=\"elementor-element elementor-element-6f9a8c0 elementor-widget elementor-widget-spacer\" data-id=\"6f9a8c0\" data-element_type=\"widget\" data-e-type=\"widget\" data-widget_type=\"spacer.default\">\n\t\t\t\t<div class=\"elementor-widget-container\">\n\t\t\t\t\t\t\t<div class=\"elementor-spacer\">\n\t\t\t<div class=\"elementor-spacer-inner\"><\/div>\n\t\t<\/div>\n\t\t\t\t\t\t<\/div>\n\t\t\t\t<\/div>\n\t\t\t\t<\/div>\n\t\t<div class=\"elementor-element elementor-element-e27f64c e-con-full e-flex e-con e-child\" data-id=\"e27f64c\" data-element_type=\"container\" data-e-type=\"container\">\n\t\t\t\t<div class=\"elementor-element elementor-element-a5c1473 elementor-widget elementor-widget-heading\" data-id=\"a5c1473\" data-element_type=\"widget\" data-e-type=\"widget\" data-widget_type=\"heading.default\">\n\t\t\t\t<div class=\"elementor-widget-container\">\n\t\t\t\t\t<h3 class=\"elementor-heading-title elementor-size-default\">DISSENY EXCLUSIU<\/h3>\t\t\t\t<\/div>\n\t\t\t\t<\/div>\n\t\t\t\t<div class=\"elementor-element elementor-element-fe09098 elementor-widget elementor-widget-heading\" data-id=\"fe09098\" data-element_type=\"widget\" data-e-type=\"widget\" data-widget_type=\"heading.default\">\n\t\t\t\t<div class=\"elementor-widget-container\">\n\t\t\t\t\t<h4 class=\"elementor-heading-title elementor-size-default\">Passi\u00f3 per la moda i passi\u00f3 per l'\u00f2ptica unides a les ulleres EYO<\/h4>\t\t\t\t<\/div>\n\t\t\t\t<\/div>\n\t\t\t\t<div class=\"elementor-element elementor-element-c41f8ae elementor-widget elementor-widget-text-editor\" data-id=\"c41f8ae\" data-element_type=\"widget\" data-e-type=\"widget\" data-widget_type=\"text-editor.default\">\n\t\t\t\t<div class=\"elementor-widget-container\">\n\t\t\t\t\t\t\t\t\t<p>Totes les nostres muntures, les seves formes, materials i combinacions de colors han estat creades pel nostre propi equip de dissenyadors i experts en \u00f2ptica.<\/p>\n<p>Aix\u00f2, d&#8217;una banda, ens garanteix disposar d&#8217;un complement de disseny exclusiu, amb un estil original i propi, lluny de les tend\u00e8ncies i est\u00e0ndards que dicta el mercat de la moda massiva.<\/p>\n<p>Per l&#8217;altra, el fet de col\u00b7laborar amb un equip d&#8217;\u00f2ptics ens permet crear les nostres muntures amb un alt grau de precisi\u00f3 en les seves mesures, de manera que, a m\u00e9s de boniques, s\u00f3n c\u00f2modes i \u00fatils, ja que s\u00f3n f\u00e0cilment graduables en qualsevol \u00f2ptica. En cas de no necessitar graduaci\u00f3, les ulleres EYO v\u00e9nen de s\u00e8rie amb lents de qualitat oft\u00e0lmica del fabricant alemany Carl Zeiss Vision.<\/p>\n<p>Darrere de cada muntura, s&#8217;amaga un treball de diversos mesos, dedicats en part a la recerca d&#8217;inspiraci\u00f3. Actualment, els nostres dissenys s&#8217;inspiren en models ic\u00f2nics de tots els temps, combinats amb elements arquitect\u00f2nics de ciutats que ens han captivat al llarg de les nostres vides.<\/p>\n<p>Cada model t\u00e9 un significat concret per a nosaltres i conseg\u00fcentment, t\u00e9 un lloc en el nostre cor.<\/p>\n\t\t\t\t\t\t\t\t<\/div>\n\t\t\t\t<\/div>\n\t\t\t\t<div class=\"elementor-element elementor-element-b29fdc1 elementor-widget elementor-widget-heading\" data-id=\"b29fdc1\" data-element_type=\"widget\" data-e-type=\"widget\" data-widget_type=\"heading.default\">\n\t\t\t\t<div class=\"elementor-widget-container\">\n\t\t\t\t\t<h4 class=\"elementor-heading-title elementor-size-default\">\u201cNOM\u00c9S UTILITZEM MATERIALS NOBLES DE LA M\u00c9S ALTA QUALITAT I TREBALLEM CADA MUNTURA AMB LA M\u00c0XIMA EXIG\u00c8NCIA\u201d<\/h4>\t\t\t\t<\/div>\n\t\t\t\t<\/div>\n\t\t\t\t<\/div>\n\t\t\t\t<\/div>\n\t\t<div class=\"elementor-element elementor-element-a899fbe e-con-full e-flex e-con e-parent\" data-id=\"a899fbe\" data-element_type=\"container\" data-e-type=\"container\" id=\"limitada\" data-settings=\"{&quot;background_background&quot;:&quot;classic&quot;}\">\n\t\t<div class=\"elementor-element elementor-element-637f489 e-con-full e-flex e-con e-child\" data-id=\"637f489\" data-element_type=\"container\" data-e-type=\"container\">\n\t\t\t\t<div class=\"elementor-element elementor-element-2a50079 elementor-widget elementor-widget-heading\" data-id=\"2a50079\" data-element_type=\"widget\" data-e-type=\"widget\" data-widget_type=\"heading.default\">\n\t\t\t\t<div class=\"elementor-widget-container\">\n\t\t\t\t\t<h3 class=\"elementor-heading-title elementor-size-default\">PRODUCCI\u00d3 LIMITADA<\/h3>\t\t\t\t<\/div>\n\t\t\t\t<\/div>\n\t\t\t\t<div class=\"elementor-element elementor-element-334bd4f elementor-widget elementor-widget-heading\" data-id=\"334bd4f\" data-element_type=\"widget\" data-e-type=\"widget\" data-widget_type=\"heading.default\">\n\t\t\t\t<div class=\"elementor-widget-container\">\n\t\t\t\t\t<h4 class=\"elementor-heading-title elementor-size-default\">El plaer de vestir una pe\u00e7a \u00fanica<\/h4>\t\t\t\t<\/div>\n\t\t\t\t<\/div>\n\t\t\t\t<div class=\"elementor-element elementor-element-6a353ee elementor-widget elementor-widget-text-editor\" data-id=\"6a353ee\" data-element_type=\"widget\" data-e-type=\"widget\" data-widget_type=\"text-editor.default\">\n\t\t\t\t<div class=\"elementor-widget-container\">\n\t\t\t\t\t\t\t\t\t<p>El nostre proc\u00e9s de producci\u00f3 artesanal i tradicional, una de les principals ins\u00edgnies de la nostra marca, ens garanteix l&#8217;obtenci\u00f3 de peces \u00faniques i de gran qualitat, gr\u00e0cies a la cura i a l&#8217;atenci\u00f3 al detall que posen en cada muntura els mestres artesans que les treballen.<\/p>\n<p>Des del tall de les l\u00e0mines d&#8217;acetat de cot\u00f3 fins a la fabricaci\u00f3 de les fundes, que s\u00f3n cosides en el nostre taller, i altres complements de cadascuna de les nostres ulleres, tot aix\u00f2 \u00e9s, en gran part, un treball manual.<\/p>\n<p>Per aix\u00f2, per a poder dedicar el temps necessari a cada muntura i als seus acabats, aix\u00ed com a minimitzar el nostre impacte a la natura, limitem la nostra producci\u00f3 a un m\u00e0xim de 100 unitats per model i color, i fabriquem en tirades curtes de 15 o 20 unitats cada vegada.<\/p>\n<p>D&#8217;aquesta manera, com d\u00e8iem, aconseguim evitar un sobrestock innecessari alhora que obtenim un producte molt m\u00e9s cur\u00f3s i exclusiu.<\/p>\n<p>Volem que en vestir les teves ulleres EYO et sentis especial, sabent que per la manera com les fabriquem i les opcions de personalitzaci\u00f3 que t&#8217;oferim, amb diferents possibilitats en colors i vidres, s\u00f3n un complement pr\u00e0cticament \u00fanic al m\u00f3n.<\/p>\n\t\t\t\t\t\t\t\t<\/div>\n\t\t\t\t<\/div>\n\t\t\t\t<\/div>\n\t\t<div class=\"elementor-element elementor-element-854f23b e-con-full e-flex e-con e-child\" data-id=\"854f23b\" data-element_type=\"container\" data-e-type=\"container\" data-settings=\"{&quot;background_background&quot;:&quot;classic&quot;}\">\n\t\t\t\t<div class=\"elementor-element elementor-element-8a3d154 elementor-widget elementor-widget-spacer\" data-id=\"8a3d154\" data-element_type=\"widget\" data-e-type=\"widget\" data-widget_type=\"spacer.default\">\n\t\t\t\t<div class=\"elementor-widget-container\">\n\t\t\t\t\t\t\t<div class=\"elementor-spacer\">\n\t\t\t<div class=\"elementor-spacer-inner\"><\/div>\n\t\t<\/div>\n\t\t\t\t\t\t<\/div>\n\t\t\t\t<\/div>\n\t\t\t\t<\/div>\n\t\t\t\t<\/div>\n\t\t<div class=\"elementor-element elementor-element-f90c1ab e-con-full e-flex e-con e-parent\" data-id=\"f90c1ab\" data-element_type=\"container\" data-e-type=\"container\" id=\"responsabilidad\" data-settings=\"{&quot;background_background&quot;:&quot;classic&quot;}\">\n\t\t<div class=\"elementor-element elementor-element-c4f3688 e-con-full e-flex e-con e-child\" data-id=\"c4f3688\" data-element_type=\"container\" data-e-type=\"container\" data-settings=\"{&quot;background_background&quot;:&quot;classic&quot;}\">\n\t\t\t\t<div class=\"elementor-element elementor-element-c78664c elementor-widget elementor-widget-spacer\" data-id=\"c78664c\" data-element_type=\"widget\" data-e-type=\"widget\" data-widget_type=\"spacer.default\">\n\t\t\t\t<div class=\"elementor-widget-container\">\n\t\t\t\t\t\t\t<div class=\"elementor-spacer\">\n\t\t\t<div class=\"elementor-spacer-inner\"><\/div>\n\t\t<\/div>\n\t\t\t\t\t\t<\/div>\n\t\t\t\t<\/div>\n\t\t\t\t<\/div>\n\t\t<div class=\"elementor-element elementor-element-e578fbb e-con-full e-flex e-con e-child\" data-id=\"e578fbb\" data-element_type=\"container\" data-e-type=\"container\">\n\t\t\t\t<div class=\"elementor-element elementor-element-466d6ac elementor-widget elementor-widget-heading\" data-id=\"466d6ac\" data-element_type=\"widget\" data-e-type=\"widget\" data-widget_type=\"heading.default\">\n\t\t\t\t<div class=\"elementor-widget-container\">\n\t\t\t\t\t<h3 class=\"elementor-heading-title elementor-size-default\">RESPONSABILITAT<\/h3>\t\t\t\t<\/div>\n\t\t\t\t<\/div>\n\t\t\t\t<div class=\"elementor-element elementor-element-e9f8aa9 elementor-widget elementor-widget-heading\" data-id=\"e9f8aa9\" data-element_type=\"widget\" data-e-type=\"widget\" data-widget_type=\"heading.default\">\n\t\t\t\t<div class=\"elementor-widget-container\">\n\t\t\t\t\t<h4 class=\"elementor-heading-title elementor-size-default\">Slow Fashion: la nostra filosofia<\/h4>\t\t\t\t<\/div>\n\t\t\t\t<\/div>\n\t\t\t\t<div class=\"elementor-element elementor-element-8a275ba elementor-widget elementor-widget-text-editor\" data-id=\"8a275ba\" data-element_type=\"widget\" data-e-type=\"widget\" data-widget_type=\"text-editor.default\">\n\t\t\t\t<div class=\"elementor-widget-container\">\n\t\t\t\t\t\t\t\t\t<p>Per a nosaltres, la prioritat sempre ha estat crear un complement de disseny, per\u00f2 de manera responsable. Sabem que el model Fast Fashion, el model de producci\u00f3 actual del sector de la moda, no \u00e9s sostenible. La vida \u00fatil de les peces i els accessoris s&#8217;ha redu\u00eft a tot just uns mesos, amb la despesa en recursos i la contaminaci\u00f3 que aix\u00f2 suposa.<\/p>\n<p>El que volem aconseguir amb EYO \u00e9s una cosa totalment oposada.<\/p>\n<p>Donem suport a la nostra marca en el concepte Slow Fashion i en els seus valors. D&#8217;aquesta manera, volem crear accessoris atemporals, amb un toc modern i una mica d&#8217;estil cl\u00e0ssic que, pel seu encant, personalitat i gran qualitat, t&#8217;acompanyin tota la vida.<\/p>\n<p>Seguint aquesta filosofia, la nostra fabricaci\u00f3 \u00e9s majorit\u00e0riament artesanal i la duem a terme en tallers locals utilitzant materials nobles com l&#8217;acetat de cot\u00f3, per a poder assegurar aquesta qualitat en cadascuna de les nostres muntures. A m\u00e9s, produ\u00efm en s\u00e8ries molt limitades per a evitar excedent d&#8217;estoc.<\/p>\n<p>Creiem que el futur de la moda passa per un consum conscient i encara que estem segurs que quan tinguis les teves primeres EYO voldr\u00e0s repetir, tamb\u00e9 sabem que s\u00f3n una petita obra d&#8217;art que podr\u00e0s portar sempre que vulguis.<\/p>\n\t\t\t\t\t\t\t\t<\/div>\n\t\t\t\t<\/div>\n\t\t\t\t<div class=\"elementor-element elementor-element-fdef759 elementor-widget elementor-widget-heading\" data-id=\"fdef759\" data-element_type=\"widget\" data-e-type=\"widget\" data-widget_type=\"heading.default\">\n\t\t\t\t<div class=\"elementor-widget-container\">\n\t\t\t\t\t<h4 class=\"elementor-heading-title elementor-size-default\">\u201cDISSENY I EXCLUSIVITAT S'UNEIXEN EN PERFECTA HARMONIA EN CADA UNA DE LES NOSTRES MUNTURES\u201d<\/h4>\t\t\t\t<\/div>\n\t\t\t\t<\/div>\n\t\t\t\t<\/div>\n\t\t\t\t<\/div>\n\t\t\t\t<\/div>\n\t\t","protected":false},"excerpt":{"rendered":"<p>Qui hi ha darrere d&#8217;EYO Eyewear? EYO Eyewear neix de la il\u00b7lusi\u00f3 de la fam\u00edlia Nebot per crear una marca de qualitat i alternativa, que no segueixi les tend\u00e8ncies passatgeres de la moda i que tingui el valor afegit dels processos de producci\u00f3 a petita escala. \u00c9s una marca d&#8217;ulleres de disseny que advoca per [&hellip;]<\/p>\n","protected":false},"author":1,"featured_media":0,"parent":0,"menu_order":0,"comment_status":"closed","ping_status":"closed","template":"","meta":{"footnotes":""},"class_list":["post-5685","page","type-page","status-publish","hentry"],"_links":{"self":[{"href":"https:\/\/eyo-eyewear.com\/ca\/wp-json\/wp\/v2\/pages\/5685","targetHints":{"allow":["GET"]}}],"collection":[{"href":"https:\/\/eyo-eyewear.com\/ca\/wp-json\/wp\/v2\/pages"}],"about":[{"href":"https:\/\/eyo-eyewear.com\/ca\/wp-json\/wp\/v2\/types\/page"}],"author":[{"embeddable":true,"href":"https:\/\/eyo-eyewear.com\/ca\/wp-json\/wp\/v2\/users\/1"}],"replies":[{"embeddable":true,"href":"https:\/\/eyo-eyewear.com\/ca\/wp-json\/wp\/v2\/comments?post=5685"}],"version-history":[{"count":8,"href":"https:\/\/eyo-eyewear.com\/ca\/wp-json\/wp\/v2\/pages\/5685\/revisions"}],"predecessor-version":[{"id":7145,"href":"https:\/\/eyo-eyewear.com\/ca\/wp-json\/wp\/v2\/pages\/5685\/revisions\/7145"}],"wp:attachment":[{"href":"https:\/\/eyo-eyewear.com\/ca\/wp-json\/wp\/v2\/media?parent=5685"}],"curies":[{"name":"wp","href":"https:\/\/api.w.org\/{rel}","templated":true}]}}